{"id":366,"date":"2024-05-13T20:24:39","date_gmt":"2024-05-13T20:24:39","guid":{"rendered":"http:\/\/leer-haltern.de\/?page_id=366"},"modified":"2024-05-13T20:24:39","modified_gmt":"2024-05-13T20:24:39","slug":"schuetzenfest-2022","status":"publish","type":"page","link":"http:\/\/leer-haltern.de\/?page_id=366","title":{"rendered":"Sch\u00fctzenfest 2022"},"content":{"rendered":"\n<p>Olaf Gro\u00dfe Kleimann neuer Halterner K\u00f6nig<\/p>\n\n\n\n<p>Nach vier Jahren coronabedingter Pause hat der Sch\u00fctzenverein Leer-Haltern ein neues K\u00f6nigspaar. Mit dem 169. Schuss holte Olaf Gro\u00dfe Kleimann unter den Augen zahlreicher Zuschauer auf dem Hofe Wolbert den Rest des h\u00f6lzernen Vogels von der Stange. Zur K\u00f6nigin erw\u00e4hlte er sich Claudia Brosig. Sie l\u00f6sen Jonas Viefhues mit seiner Frau Stefanie ab. Geehrt wurden die Jubelk\u00f6nige. Es waren Josef Overkamp und Franz Nienau, die vor 25\/26 Jahren \u00fcber die Halterner regierten, vor 50 Jahren war Ludger F\u00fcchter K\u00f6nig. Dank wurde auch Stefan K\u00f6lker, Bernd Kestermann und Chris Gro\u00dfe Kleimann ausgesprochen f\u00fcr zehn Jahre Vorstandsarbeit. Zwanzig Jahre im Vorstand sind Frank Berning und Jens Budde. Das Sch\u00fctzenfest begann mit einem Gottesdienst in Ss Cosmas und Damian mit anschlie\u00dfender Kranzniederlegung. Bei der Party auf dem Festzelt mit dem DJ-Team &#8222;Flash&#8220; unter dem Motto &#8222;Mexican Night&#8220; kam insbesondere die j\u00fcngere Generation auf ihre Kosten. Der Polonaisen mit den K\u00f6nigsb\u00e4llen am Donnerstag und Freitag geh\u00f6ren zu den H\u00f6hepunkten des diesj\u00e4hrigen Sch\u00fctzenfestes.<\/p>\n\n\n\n<p>Text und Foto: Franz Neugebauer<\/p>\n","protected":false},"excerpt":{"rendered":"<p>Olaf Gro\u00dfe Kleimann neuer Halterner K\u00f6nig Nach vier Jahren coronabedingter Pause hat der Sch\u00fctzenverein Leer-Haltern ein neues K\u00f6nigspaar. Mit dem 169. Schuss holte Olaf Gro\u00dfe Kleimann unter den Augen zahlreicher Zuschauer auf dem Hofe Wolbert den Rest des h\u00f6lzernen Vogels von der Stange. Zur K\u00f6nigin erw\u00e4hlte er sich Claudia Brosig. Sie l\u00f6sen Jonas Viefhues mit &hellip; <\/p>\n<p class=\"link-more\"><a href=\"http:\/\/leer-haltern.de\/?page_id=366\" class=\"more-link\"><span class=\"screen-reader-text\">\u201eSch\u00fctzenfest 2022\u201c <\/span>weiterlesen<\/a><\/p>\n","protected":false},"author":1,"featured_media":319,"parent":0,"menu_order":0,"comment_status":"closed","ping_status":"closed","template":"","meta":{"footnotes":""},"class_list":["post-366","page","type-page","status-publish","has-post-thumbnail","hentry"],"jetpack_sharing_enabled":true,"_links":{"self":[{"href":"http:\/\/leer-haltern.de\/index.php?rest_route=\/wp\/v2\/pages\/366","targetHints":{"allow":["GET"]}}],"collection":[{"href":"http:\/\/leer-haltern.de\/index.php?rest_route=\/wp\/v2\/pages"}],"about":[{"href":"http:\/\/leer-haltern.de\/index.php?rest_route=\/wp\/v2\/types\/page"}],"author":[{"embeddable":true,"href":"http:\/\/leer-haltern.de\/index.php?rest_route=\/wp\/v2\/users\/1"}],"replies":[{"embeddable":true,"href":"http:\/\/leer-haltern.de\/index.php?rest_route=%2Fwp%2Fv2%2Fcomments&post=366"}],"version-history":[{"count":1,"href":"http:\/\/leer-haltern.de\/index.php?rest_route=\/wp\/v2\/pages\/366\/revisions"}],"predecessor-version":[{"id":367,"href":"http:\/\/leer-haltern.de\/index.php?rest_route=\/wp\/v2\/pages\/366\/revisions\/367"}],"wp:featuredmedia":[{"embeddable":true,"href":"http:\/\/leer-haltern.de\/index.php?rest_route=\/wp\/v2\/media\/319"}],"wp:attachment":[{"href":"http:\/\/leer-haltern.de\/index.php?rest_route=%2Fwp%2Fv2%2Fmedia&parent=366"}],"curies":[{"name":"wp","href":"https:\/\/api.w.org\/{rel}","templated":true}]}}